{"id":111,"date":"2024-06-21T01:38:11","date_gmt":"2024-06-21T01:38:11","guid":{"rendered":"https:\/\/datosfera.org\/?page_id=111"},"modified":"2024-08-29T01:45:29","modified_gmt":"2024-08-29T01:45:29","slug":"proyectos-alianzas-y-colaboraciones","status":"publish","type":"page","link":"https:\/\/datosfera.org\/?page_id=111","title":{"rendered":"Proyectos, Alianzas y Colaboraciones"},"content":{"rendered":"\t\t<div data-elementor-type=\"wp-page\" data-elementor-id=\"111\" class=\"elementor elementor-111\" data-elementor-post-type=\"page\">\n\t\t\t\t<div class=\"elementor-element elementor-element-f43ab82 e-flex e-con-boxed e-con e-parent\" data-id=\"f43ab82\" data-element_type=\"container\" data-e-type=\"container\" data-settings=\"{&quot;background_background&quot;:&quot;classic&quot;}\">\n\t\t\t\t\t<div class=\"e-con-inner\">\n\t\t<div class=\"elementor-element elementor-element-9b6366e e-con-full e-flex e-con e-child\" data-id=\"9b6366e\" data-element_type=\"container\" data-e-type=\"container\">\n\t\t<div class=\"elementor-element elementor-element-f5c573c e-con-full e-flex e-con e-child\" data-id=\"f5c573c\" data-element_type=\"container\" data-e-type=\"container\">\n\t\t\t\t<div class=\"elementor-element elementor-element-f83ac50 elementor-widget elementor-widget-text-editor\" data-id=\"f83ac50\" data-element_type=\"widget\" data-e-type=\"widget\" data-widget_type=\"text-editor.default\">\n\t\t\t\t<div class=\"elementor-widget-container\">\n\t\t\t\t\t\t\t\t\t<p>Dat\u00f3sfera est\u00e1 constantemente presente en los diversos procesos que se generan a trav\u00e9s de la investigaci\u00f3n social y todas sus aristas, complementos y lineamientos para la obtenci\u00f3n de los objetivos planteados.\u00a0<\/p><p>Dentro de los proyectos en los cuales se ha tenido participaci\u00f3n y relevancia tenemos a los proyectos aut\u00f3nomos, colaboraciones estrat\u00e9gicas con: Organizaciones No Gubernamentales, Fundaciones, GAD&#8217;s, Colectivos, Sindicatos, Asociaciones, Peque\u00f1os y medianos emprendimientos, comunidades y nacionalidades, gremios estudiantiles entre otras formas de organizaci\u00f3n y activismo, Quienes desde su propia trinchera, realizan actividades para el bien colectivo.\u00a0<\/p>\t\t\t\t\t\t\t\t<\/div>\n\t\t\t\t<\/div>\n\t\t\t\t<\/div>\n\t\t\t\t<\/div>\n\t\t\t\t<div class=\"elementor-element elementor-element-63866ba elementor-widget elementor-widget-heading\" data-id=\"63866ba\" data-element_type=\"widget\" data-e-type=\"widget\" data-widget_type=\"heading.default\">\n\t\t\t\t<div class=\"elementor-widget-container\">\n\t\t\t\t\t<h2 class=\"elementor-heading-title elementor-size-default\">PROYECTO:  APAGONES EN EL DISTRITO METROPOLITANO DE QUITO<\/h2>\t\t\t\t<\/div>\n\t\t\t\t<\/div>\n\t\t\t\t<div class=\"elementor-element elementor-element-fd20f4b elementor-widget elementor-widget-html\" data-id=\"fd20f4b\" data-element_type=\"widget\" data-e-type=\"widget\" data-widget_type=\"html.default\">\n\t\t\t\t<div class=\"elementor-widget-container\">\n\t\t\t\t\t<div style=\"position: relative; width: 100%; height: 0; padding-top: 56.2500%;\r\n padding-bottom: 0; box-shadow: 0 2px 8px 0 rgba(63,69,81,0.16); margin-top: 1.6em; margin-bottom: 0.9em; overflow: hidden;\r\n border-radius: 8px; will-change: transform;\">\r\n  <iframe loading=\"lazy\" style=\"position: absolute; width: 100%; height: 100%; top: 0; left: 0; border: none; padding: 0;margin: 0;\"\r\n    src=\"https:&#x2F;&#x2F;www.canva.com&#x2F;design&#x2F;DAGG2QfHOSM&#x2F;d0l3ECVdH4poS__zP6nB8w&#x2F;view?embed\" allowfullscreen=\"allowfullscreen\" allow=\"fullscreen\">\r\n  <\/iframe>\r\n<\/div>\r\n<a href=\"https:&#x2F;&#x2F;www.canva.com&#x2F;design&#x2F;DAGG2QfHOSM&#x2F;d0l3ECVdH4poS__zP6nB8w&#x2F;view?utm_content=DAGG2QfHOSM&amp;utm_campaign=designshare&amp;utm_medium=embeds&amp;utm_source=link\" target=\"_blank\" rel=\"noopener\">Presentaci\u00f3n \"Apagones en Quito\" Mayo 2024<\/a> de Dat\u00f3sfera \"Conexi\u00f3n Colectiva\"\t\t\t\t<\/div>\n\t\t\t\t<\/div>\n\t\t\t\t\t<\/div>\n\t\t\t\t<\/div>\n\t\t\t\t<\/div>\n\t\t","protected":false},"excerpt":{"rendered":"<p>Dat\u00f3sfera est\u00e1 constantemente presente en los diversos procesos que se generan a trav\u00e9s de la investigaci\u00f3n social y todas sus aristas, complementos y lineamientos para la obtenci\u00f3n de los objetivos planteados.\u00a0 Dentro de los proyectos en los cuales se ha tenido participaci\u00f3n y relevancia tenemos a los proyectos aut\u00f3nomos, colaboraciones estrat\u00e9gicas con: Organizaciones No Gubernamentales, [&hellip;]<\/p>\n","protected":false},"author":1,"featured_media":0,"parent":0,"menu_order":0,"comment_status":"closed","ping_status":"closed","template":"","meta":{"footnotes":""},"class_list":["post-111","page","type-page","status-publish","hentry"],"_links":{"self":[{"href":"https:\/\/datosfera.org\/index.php?rest_route=\/wp\/v2\/pages\/111","targetHints":{"allow":["GET"]}}],"collection":[{"href":"https:\/\/datosfera.org\/index.php?rest_route=\/wp\/v2\/pages"}],"about":[{"href":"https:\/\/datosfera.org\/index.php?rest_route=\/wp\/v2\/types\/page"}],"author":[{"embeddable":true,"href":"https:\/\/datosfera.org\/index.php?rest_route=\/wp\/v2\/users\/1"}],"replies":[{"embeddable":true,"href":"https:\/\/datosfera.org\/index.php?rest_route=%2Fwp%2Fv2%2Fcomments&post=111"}],"version-history":[{"count":31,"href":"https:\/\/datosfera.org\/index.php?rest_route=\/wp\/v2\/pages\/111\/revisions"}],"predecessor-version":[{"id":502,"href":"https:\/\/datosfera.org\/index.php?rest_route=\/wp\/v2\/pages\/111\/revisions\/502"}],"wp:attachment":[{"href":"https:\/\/datosfera.org\/index.php?rest_route=%2Fwp%2Fv2%2Fmedia&parent=111"}],"curies":[{"name":"wp","href":"https:\/\/api.w.org\/{rel}","templated":true}]}}